{"id":35,"date":"2019-08-29T07:47:52","date_gmt":"2019-08-29T07:47:52","guid":{"rendered":"https:\/\/seksissach.ch\/v4\/?page_id=35"},"modified":"2025-10-13T08:57:39","modified_gmt":"2025-10-13T06:57:39","slug":"unser-kollegium","status":"publish","type":"page","link":"https:\/\/seksissach.ch\/v4\/unser-kollegium\/","title":{"rendered":"Unser Kollegium"},"content":{"rendered":"\n<div class=\"wp-block-columns is-layout-flex wp-container-core-columns-is-layout-8f761849 wp-block-columns-is-layout-flex\">\n<div class=\"wp-block-column is-layout-flow wp-block-column-is-layout-flow\" style=\"flex-basis:100%\">\n<p class=\"wp-block-paragraph\">Hier finden Sie eine Liste mit den Abk\u00fcrzungen und Namen der Lehrpersonen im Schuljahr 25\/26:<\/p>\n\n\n\n<figure class=\"wp-block-table\"><table class=\"has-fixed-layout\"><thead><tr><th>Nachname, Vorname<\/th><th>Lehrpersonen-K\u00fcrzel<\/th><\/tr><\/thead><tbody><tr><td>Baader, Annemarie<\/td><td>BaA<\/td><\/tr><tr><td>Baschung, Benedikt<\/td><td>BaB<\/td><\/tr><tr><td>B\u00f6sch, Daniela<\/td><td>B\u00f6D<\/td><\/tr><tr><td>Bonetti, Simon<\/td><td>BoS<\/td><\/tr><tr><td>Brun, Selena Katharina<\/td><td>BrS<\/td><\/tr><tr><td>Brunner, Djamilja<\/td><td>BrD<\/td><\/tr><tr><td>B\u00fchler, Barbara<\/td><td>B\u00fcB<\/td><\/tr><tr><td>Chandralingam, Jalakshikan<\/td><td>ChJ<\/td><\/tr><tr><td>Corbo, Simon<\/td><td>CoS<\/td><\/tr><tr><td>Dalh\u00e4user, Sonja<\/td><td>DaS<\/td><\/tr><tr><td>De Faveri, Milena<\/td><td>DeM<\/td><\/tr><tr><td>Degen, Karin&nbsp;<\/td><td>DeK<\/td><\/tr><tr><td>Degen, Louis&nbsp;&nbsp;&nbsp;&nbsp;&nbsp;&nbsp;&nbsp;&nbsp;&nbsp;&nbsp;&nbsp;&nbsp;&nbsp;&nbsp;&nbsp;&nbsp;&nbsp;&nbsp;&nbsp;&nbsp;&nbsp;&nbsp;&nbsp;&nbsp;&nbsp;&nbsp;&nbsp;&nbsp;&nbsp;&nbsp;&nbsp;&nbsp;&nbsp;&nbsp;&nbsp;&nbsp;&nbsp;&nbsp;&nbsp;&nbsp;&nbsp;&nbsp;&nbsp;&nbsp;&nbsp;&nbsp;&nbsp;&nbsp;&nbsp;&nbsp;&nbsp;&nbsp;<\/td><td>DeL<\/td><\/tr><tr><td>Dupljak, Rajda&nbsp;&nbsp;&nbsp;&nbsp;&nbsp;&nbsp;&nbsp;&nbsp;&nbsp;&nbsp;&nbsp;&nbsp;&nbsp;&nbsp;&nbsp;&nbsp;&nbsp;&nbsp;&nbsp;&nbsp;&nbsp;&nbsp;&nbsp;&nbsp;&nbsp;&nbsp;&nbsp;&nbsp;&nbsp;&nbsp;&nbsp;&nbsp;&nbsp;&nbsp;&nbsp;&nbsp;&nbsp;&nbsp;&nbsp;&nbsp;&nbsp;&nbsp;&nbsp;&nbsp;&nbsp;&nbsp;&nbsp;&nbsp;&nbsp;&nbsp;&nbsp;&nbsp;&nbsp;&nbsp;&nbsp;&nbsp;&nbsp;&nbsp;&nbsp;&nbsp;&nbsp;&nbsp;&nbsp;&nbsp;&nbsp;&nbsp;&nbsp;&nbsp;&nbsp;&nbsp;&nbsp;&nbsp;&nbsp;&nbsp;<\/td><td>DuR<\/td><\/tr><tr><td>Eggenschwiler, Sabine<\/td><td>EgS<\/td><\/tr><tr><td>Elmiger, Eliane<\/td><td>ElE<\/td><\/tr><tr><td>Engler, Katharina<\/td><td>EnK<\/td><\/tr><tr><td>Eyer, Ramona<\/td><td>EyR<\/td><\/tr><tr><td>Fabry, Andreas<\/td><td>FaA<\/td><\/tr><tr><td>Fankhauser, No\u00ebmi<\/td><td>FaN<\/td><\/tr><tr><td>Federici, Guendalina<\/td><td>FeG<\/td><\/tr><tr><td>Frei, Rahel&nbsp;<\/td><td>FrR<\/td><\/tr><tr><td>Freiermuth, Jacqueline<\/td><td>FrJ<\/td><\/tr><tr><td>Frey, Nicole<\/td><td>FrN<\/td><\/tr><tr><td>Gayring, Johanna&nbsp;&nbsp;&nbsp;<\/td><td>GaJ<\/td><\/tr><tr><td>Gregor, Sebastian<\/td><td>GrS<\/td><\/tr><tr><td>Grindat, Edit<\/td><td>GrE<\/td><\/tr><tr><td>Gunzinger, Dieter<\/td><td>GuD<\/td><\/tr><tr><td>Haberstich, Richard<\/td><td>HaR<\/td><\/tr><tr><td>Handschin, Urs<\/td><td>HaU<\/td><\/tr><tr><td>Hasler, Simon<\/td><td>HaS<\/td><\/tr><tr><td>Hasler, Tanja<\/td><td>HaT<\/td><\/tr><tr><td>Haverbeck, Clara<\/td><td>HaC<\/td><\/tr><tr><td>Heim, Patricia<\/td><td>HeP<\/td><\/tr><tr><td>Henzi, Christian<\/td><td>HeC<\/td><\/tr><tr><td>Herpich, Michelle<\/td><td>HeM<\/td><\/tr><tr><td>Hinden, Christian<\/td><td>HiC<\/td><\/tr><tr><td>Hochreutener, Susanne<\/td><td>HoS<\/td><\/tr><tr><td>Huber, Roger<\/td><td>HuR<\/td><\/tr><tr><td>Jochum, Christine<\/td><td>JoC<\/td><\/tr><tr><td>Keller, Armin<\/td><td>KeA<\/td><\/tr><tr><td>Kretzer, Ina&nbsp;&nbsp;&nbsp;&nbsp;&nbsp;&nbsp;&nbsp;&nbsp;&nbsp;&nbsp;&nbsp;&nbsp;&nbsp;&nbsp;&nbsp;&nbsp;&nbsp;&nbsp;&nbsp;&nbsp;&nbsp;&nbsp;&nbsp;&nbsp;&nbsp;&nbsp;&nbsp;&nbsp;&nbsp;&nbsp;&nbsp;&nbsp;&nbsp;&nbsp;&nbsp;&nbsp;&nbsp;&nbsp;&nbsp;&nbsp;&nbsp;&nbsp;&nbsp;&nbsp;&nbsp;&nbsp;&nbsp;&nbsp;&nbsp;&nbsp;&nbsp;&nbsp;&nbsp;&nbsp;&nbsp;&nbsp;&nbsp;&nbsp;&nbsp;&nbsp;&nbsp;&nbsp;&nbsp;&nbsp;&nbsp;&nbsp;&nbsp;&nbsp;&nbsp;&nbsp;&nbsp;&nbsp;&nbsp;&nbsp;&nbsp;&nbsp;&nbsp;&nbsp;&nbsp;&nbsp;&nbsp;&nbsp;<\/td><td>KrI<\/td><\/tr><tr><td>K\u00fcng, Corina<\/td><td>K\u00fcC<\/td><\/tr><tr><td>Kyburz, Sarah<\/td><td>KyS<\/td><\/tr><tr><td>Kym, Roland<\/td><td>KyR<\/td><\/tr><tr><td>Lehmann, Tanja<\/td><td>LeT<\/td><\/tr><tr><td>Lehner-Str\u00e4hl, Helen<\/td><td>LeH<\/td><\/tr><tr><td>Mad\u00f6rin, Luc<\/td><td>MaL<\/td><\/tr><tr><td>Magni, Riccardo<\/td><td>MaR<\/td><\/tr><tr><td>Mandak, Peter<\/td><td>MaP<\/td><\/tr><tr><td>Mangold, Mich\u00e8le<\/td><td>MaM<\/td><\/tr><tr><td>Mastel, Ladina<\/td><td>MaL<\/td><\/tr><tr><td>Matti, Daniel<\/td><td>MaD<\/td><\/tr><tr><td>Meichtry, Selina<\/td><td>MeS<\/td><\/tr><tr><td>Meier, Christina<\/td><td>MeC<\/td><\/tr><tr><td>Messmer, Simon<\/td><td>MeS<\/td><\/tr><tr><td>Meyer, David<\/td><td>MeD<\/td><\/tr><tr><td>Meyer, Debora<\/td><td>MrD<\/td><\/tr><tr><td>Meyer, Montana<\/td><td>MeM<\/td><\/tr><tr><td>Meyer, Roland<\/td><td>MeR<\/td><\/tr><tr><td>Meyer, Sandra<\/td><td>MeS<\/td><\/tr><tr><td>M\u00f6schli, Christine<\/td><td>M\u00f6C<\/td><\/tr><tr><td>Monteil, Pierre<\/td><td>MoP<\/td><\/tr><tr><td>M\u00fcller, Bernd<\/td><td>M\u00fcB<\/td><\/tr><tr><td>M\u00fcller, Susan<\/td><td>M\u00fcS<\/td><\/tr><tr><td>Oetker, Astrid<\/td><td>OeA<\/td><\/tr><tr><td>Oppliger, Denise<\/td><td>OpD<\/td><\/tr><tr><td>Oswald, Alexandra<\/td><td>OsA<\/td><\/tr><tr><td>Ott, Martin<\/td><td>OtM<\/td><\/tr><tr><td>Pezzuti, Ivan<\/td><td>PeI<\/td><\/tr><tr><td>Platter, Olivia<\/td><td>PlO<\/td><\/tr><tr><td>Preiswerk, Sophie<\/td><td>PrS<\/td><\/tr><tr><td>Recher, Sarina<\/td><td>ReS<\/td><\/tr><tr><td>Reimann, Christoph<\/td><td>ReC<\/td><\/tr><tr><td>Sacher, Rahel<\/td><td>SaR<\/td><\/tr><tr><td>Schafroth, Matthias<\/td><td>ScM<\/td><\/tr><tr><td>Sch\u00e4r, Andrea<\/td><td>ScA<\/td><\/tr><tr><td>Schaub, Delia<\/td><td>ScD<\/td><\/tr><tr><td>Schmid, Tamara<\/td><td>ScT<\/td><\/tr><tr><td>Schoch, Marcel<\/td><td>ScM<\/td><\/tr><tr><td>Schonefeld, Julia<\/td><td>ScJ<\/td><\/tr><tr><td>Sch\u00fcpbach, Michael<\/td><td>SpM<\/td><\/tr><tr><td>Sch\u00fcrch, Ernst<\/td><td>ScE<\/td><\/tr><tr><td>Schwarz, Christin<\/td><td>ScC<\/td><\/tr><tr><td>Schwientek, Jan<\/td><td>SkJ<\/td><\/tr><tr><td>Simon, Halena<\/td><td>SiH<\/td><\/tr><tr><td>Soder, Yvonne<\/td><td>SoY<\/td><\/tr><tr><td>Spinnler, Simon<\/td><td>SpS<\/td><\/tr><tr><td>Staffiere, Vanessa<\/td><td>StV<\/td><\/tr><tr><td>Stengritt, Dan<\/td><td>StD<\/td><\/tr><tr><td>Suhr, Marc<\/td><td>SuM<\/td><\/tr><tr><td>Thommen, Tobias<\/td><td>ThT<\/td><\/tr><tr><td>Th\u00fcler, Caroline<\/td><td>ThC<\/td><\/tr><tr><td>van B\u00fcrck, Janina<\/td><td>VaJ<\/td><\/tr><tr><td>Venegas, Andrea<\/td><td>VeA<\/td><\/tr><tr><td>Vezzani, Lorena<\/td><td>VeL<\/td><\/tr><tr><td>Voegelin, Barbara<\/td><td>VoB<\/td><\/tr><tr><td>Wagner, Katja<\/td><td>WaK<\/td><\/tr><tr><td>Weibel, Nico<\/td><td>WeN<\/td><\/tr><tr><td>Weibel, Stefan<\/td><td>WeS<\/td><\/tr><tr><td>Weisskopf, Barbara<\/td><td>WeB<\/td><\/tr><tr><td>Wenger, Jan<\/td><td>WeJ<\/td><\/tr><tr><td>Witschi, Daniela<\/td><td>WiD<\/td><\/tr><tr><td>Ye, Edward<\/td><td>YeE<\/td><\/tr><tr><td>Zingg, Sandra<\/td><td>ZiS<\/td><\/tr><\/tbody><\/table><\/figure>\n\n\n\n<p class=\"wp-block-paragraph\">Die Lehrpersonen sind per Mail unter:&nbsp;<a href=\"mailto:vorname.name@sbl.ch\">vorname.name@sbl.ch<\/a>&nbsp;erreichbar.<strong><\/strong><\/p>\n<\/div>\n<\/div>\n\n\n\n<p class=\"wp-block-paragraph\"><\/p>\n","protected":false},"excerpt":{"rendered":"<p>Hier finden Sie eine Liste mit den Abk\u00fcrzungen und Namen der Lehrpersonen im Schuljahr 25\/26: Nachname, Vorname Lehrpersonen-K\u00fcrzel Baader, Annemarie BaA Baschung, Benedikt BaB B\u00f6sch, Daniela B\u00f6D Bonetti, Simon BoS Brun, Selena Katharina BrS Brunner, Djamilja BrD B\u00fchler, Barbara B\u00fcB Chandralingam, Jalakshikan ChJ Corbo, Simon CoS Dalh\u00e4user, Sonja DaS De Faveri, Milena DeM Degen, Karin&nbsp; &hellip; <\/p>\n<p class=\"link-more\"><a href=\"https:\/\/seksissach.ch\/v4\/unser-kollegium\/\" class=\"more-link\"><span class=\"screen-reader-text\">\u201eUnser Kollegium\u201c <\/span>weiterlesen<\/a><\/p>\n","protected":false},"author":2,"featured_media":0,"parent":0,"menu_order":0,"comment_status":"closed","ping_status":"closed","template":"","meta":{"pagelayer_contact_templates":[],"_pagelayer_content":"","footnotes":""},"class_list":["post-35","page","type-page","status-publish","hentry"],"_links":{"self":[{"href":"https:\/\/seksissach.ch\/v4\/wp-json\/wp\/v2\/pages\/35","targetHints":{"allow":["GET"]}}],"collection":[{"href":"https:\/\/seksissach.ch\/v4\/wp-json\/wp\/v2\/pages"}],"about":[{"href":"https:\/\/seksissach.ch\/v4\/wp-json\/wp\/v2\/types\/page"}],"author":[{"embeddable":true,"href":"https:\/\/seksissach.ch\/v4\/wp-json\/wp\/v2\/users\/2"}],"replies":[{"embeddable":true,"href":"https:\/\/seksissach.ch\/v4\/wp-json\/wp\/v2\/comments?post=35"}],"version-history":[{"count":28,"href":"https:\/\/seksissach.ch\/v4\/wp-json\/wp\/v2\/pages\/35\/revisions"}],"predecessor-version":[{"id":2529,"href":"https:\/\/seksissach.ch\/v4\/wp-json\/wp\/v2\/pages\/35\/revisions\/2529"}],"wp:attachment":[{"href":"https:\/\/seksissach.ch\/v4\/wp-json\/wp\/v2\/media?parent=35"}],"curies":[{"name":"wp","href":"https:\/\/api.w.org\/{rel}","templated":true}]}}